{"id":761,"date":"2015-05-24T22:01:44","date_gmt":"2015-05-24T20:01:44","guid":{"rendered":"http:\/\/www.linie41-film.net\/en\/urauffuehrung\/"},"modified":"2025-02-28T10:49:48","modified_gmt":"2025-02-28T09:49:48","slug":"screenings","status":"publish","type":"page","link":"http:\/\/www.linie41-film.net\/en\/screenings\/","title":{"rendered":"Screenings and film tour"},"content":{"rendered":"<p style=\"text-align: center;\">&#8220;Linie 41\u201c has so far had screenings in Germany, Poland, Austria, Romania, the USA, in Canada and Australia, and at following film Festivals:<\/p>\n<ul style=\"text-align: center;\">\n<li>Bucharest Jewish Film Festival 2015 (word premiere &#8211; in competition)<\/li>\n<li>Kasseler Dokfest, Germany 2015<\/li>\n<li>Jewish Film Days Munich, 2016<\/li>\n<li>JIFF Jewish International Film Festival<\/li>\n<li>Sidney &amp; Melbourne, Australia, 2016<\/li>\n<li>Nei\u00dfe Filmfestival. Winner of Special Price (Saxonian\u00a0 Film Association), 2016<\/li>\n<li>JFBB Jewish Film Festival Berlin &amp; Brandenburg (JFBB), 2016<\/li>\n<li>Paul Spiegel Film Festival, D\u00fcsseldorf, 2017<\/li>\n<li>BJFF Boston Jewish Film Festival, 2017<\/li>\n<\/ul>\n<p style=\"text-align: center;\"><strong> If you are\u00a0interested in presenting LINE 41<\/strong> in your area, town or city, your institution, school or university, please contact us \u2013 via email to\u00a0<span style=\"color: #ff0000;\">linie41@eva-verein.de<\/span>\u00a0or phone:<span style=\"color: #ff0000;\">++49-(0)176 20027098<\/span><\/p>\n<p style=\"text-align: center;\"><strong>Screening formats:<\/strong> DCP, BLU-RAY, film file such as .MOV or .mp4<\/p>\n<p style=\"text-align: center;\"><strong>Subtitle versions<\/strong>: German, English, Polish<\/p>\n<h2>\u00a0<\/h2>\n<p style=\"text-align: center;\"><strong><a href=\"http:\/\/www.linie41-film.net\/en\/impressions\">Photo impressions of recent public screenings and Q&amp;As<\/a><\/strong><\/p>\n<p><a href=\"http:\/\/www.linie41-film.net\/wp-content\/uploads\/2016\/02\/Linie41-Muenchen-Filmtage_Jan2016_05.jpg\"><img loading=\"lazy\" decoding=\"async\" class=\" size-thumbnail wp-image-1329 alignnone\" src=\"http:\/\/www.linie41-film.net\/wp-content\/uploads\/2016\/02\/Linie41-Muenchen-Filmtage_Jan2016_05-150x150.jpg\" alt=\"Linie41-Muenchen-Filmtage_Jan2016_05\" width=\"150\" height=\"150\" srcset=\"http:\/\/www.linie41-film.net\/wp-content\/uploads\/2016\/02\/Linie41-Muenchen-Filmtage_Jan2016_05-150x150.jpg 150w, http:\/\/www.linie41-film.net\/wp-content\/uploads\/2016\/02\/Linie41-Muenchen-Filmtage_Jan2016_05-120x120.jpg 120w\" sizes=\"auto, (max-width: 150px) 100vw, 150px\" \/><\/a><a href=\"http:\/\/www.linie41-film.net\/wp-content\/uploads\/2016\/02\/IMG_3179-e1466250945612.jpg\"><img loading=\"lazy\" decoding=\"async\" class=\" size-thumbnail wp-image-1533 alignnone\" src=\"http:\/\/www.linie41-film.net\/wp-content\/uploads\/2016\/02\/IMG_3179-150x150.jpg\" alt=\"IMG_3179\" width=\"150\" height=\"150\" \/><\/a><a href=\"http:\/\/www.linie41-film.net\/wp-content\/uploads\/2016\/02\/12557841_915727255214100_27703790_o.jpg\"><img loading=\"lazy\" decoding=\"async\" class=\" size-thumbnail wp-image-1305 alignnone\" src=\"http:\/\/www.linie41-film.net\/wp-content\/uploads\/2016\/02\/12557841_915727255214100_27703790_o-150x150.jpg\" alt=\"12557841_915727255214100_27703790_o\" width=\"150\" height=\"150\" srcset=\"http:\/\/www.linie41-film.net\/wp-content\/uploads\/2016\/02\/12557841_915727255214100_27703790_o-150x150.jpg 150w, http:\/\/www.linie41-film.net\/wp-content\/uploads\/2016\/02\/12557841_915727255214100_27703790_o-120x120.jpg 120w\" sizes=\"auto, (max-width: 150px) 100vw, 150px\" \/><\/a><a href=\"http:\/\/www.linie41-film.net\/wp-content\/uploads\/2016\/02\/12545856_915727395214086_1000036136_o.jpg\"><img loading=\"lazy\" decoding=\"async\" class=\" size-thumbnail wp-image-1303 alignnone\" src=\"http:\/\/www.linie41-film.net\/wp-content\/uploads\/2016\/02\/12545856_915727395214086_1000036136_o-150x150.jpg\" alt=\"12545856_915727395214086_1000036136_o\" width=\"150\" height=\"150\" srcset=\"http:\/\/www.linie41-film.net\/wp-content\/uploads\/2016\/02\/12545856_915727395214086_1000036136_o-150x150.jpg 150w, http:\/\/www.linie41-film.net\/wp-content\/uploads\/2016\/02\/12545856_915727395214086_1000036136_o-120x120.jpg 120w\" sizes=\"auto, (max-width: 150px) 100vw, 150px\" \/><\/a><a href=\"http:\/\/www.linie41-film.net\/wp-content\/uploads\/2016\/01\/12544727_915727418547417_648014702_o.jpg\"><img loading=\"lazy\" decoding=\"async\" class=\" size-thumbnail wp-image-1221 alignnone\" src=\"http:\/\/www.linie41-film.net\/wp-content\/uploads\/2016\/01\/12544727_915727418547417_648014702_o-150x150.jpg\" alt=\"12544727_915727418547417_648014702_o\" width=\"150\" height=\"150\" srcset=\"http:\/\/www.linie41-film.net\/wp-content\/uploads\/2016\/01\/12544727_915727418547417_648014702_o-150x150.jpg 150w, http:\/\/www.linie41-film.net\/wp-content\/uploads\/2016\/01\/12544727_915727418547417_648014702_o-120x120.jpg 120w\" sizes=\"auto, (max-width: 150px) 100vw, 150px\" \/><\/a><\/p>\n<h2 style=\"text-align: center;\"><strong>SCREENINGS\u00a0<\/strong><strong>2025<\/strong><\/h2>\n<h3 style=\"text-align: center;\"><strong>Memorial Che\u0142mno\/Kulmhof, Poland.<\/strong><\/h3>\n<h3 style=\"text-align: center;\">\u00a0<strong>20. March 2025 <\/strong><\/h3>\n<h3 style=\"text-align: center;\"><strong>starting time: tba<\/strong>\u00a0\u00a0<strong>\u00a0<\/strong><\/h3>\n<h3 style=\"text-align: center;\"><strong><a href=\"http:\/\/chelmno-muzeum.eu\/en\/\">chelmno-muzeum.eu\/en\/<\/a><\/strong><\/h3>\n<p>\u00a0<\/p>\n<p>\u00a0<\/p>\n<p>\u00a0<\/p>\n<h2 style=\"text-align: center;\"><strong>PAST SCREENINGS <\/strong><\/h2>\n<h2 style=\"text-align: center;\"><strong>2015 &#8211; 2024<\/strong><\/h2>\n<p><a href=\"https:\/\/www.classiccinemas.com.au\/events\/line-41-special-screening-presented-by-the-melbourne-holocaust-museum\"><img loading=\"lazy\" decoding=\"async\" class=\"aligncenter size-large wp-image-5773\" src=\"http:\/\/www.linie41-film.net\/wp-content\/uploads\/2024\/08\/line-melb-1024x429.png\" alt=\"\" width=\"1000\" height=\"419\" srcset=\"http:\/\/www.linie41-film.net\/wp-content\/uploads\/2024\/08\/line-melb-1024x429.png 1024w, http:\/\/www.linie41-film.net\/wp-content\/uploads\/2024\/08\/line-melb-300x126.png 300w, http:\/\/www.linie41-film.net\/wp-content\/uploads\/2024\/08\/line-melb-768x322.png 768w, http:\/\/www.linie41-film.net\/wp-content\/uploads\/2024\/08\/line-melb.png 1077w\" sizes=\"auto, (max-width: 1000px) 100vw, 1000px\" \/><\/a><\/p>\n<p><strong>Melbourne, Australia, September 1, 2024 &#8211;<\/strong> Commemoration &#8211; 80th anniversary of the final deportation from Lodz Ghetto; screening at<a href=\"https:\/\/classiccinemas.com.au\/\"> Classic Cinemas<\/a> in cooperation with the <a href=\"http:\/\/mhm.org.au\">Melbourne Holocaust Museum<\/a><\/p>\n<p><strong>N\u00fcrnberg, Germany,\u00a06. February 2024 &#8211;\u00a0AWO Kreisverband N\u00fcrnberg e.V.\u00a0 &#8211;\u00a0<\/strong>QA with protagonist Natan Grossman and director Tanja Cummings.\u00a0Partner:\u00a0N\u00fcrnberger B\u00fcndnis f\u00fcr NS-\u00dcberlebende\u00a0<\/p>\n<p>\u2026\u2026..<\/p>\n<p><strong>Swarz\u0119dz (Poland),\u00a0<\/strong><strong>7. October 2023,\u00a0Muzeum &#8211; Swarz\u0119dzkie Centrum Historii i Sztuki &#8211;\u00a0<\/strong>QA with director Tanja Cummings.\u00a0Partner:\u00a0\u00a0<a href=\"https:\/\/e-lapidarium.pl\/\">Cyfrowe Lapidarium Poznania<\/a><\/p>\n<p>\u2026\u2026..<\/p>\n<p><strong>Dachau (Germany), 3. August 2023, Max-Mannheimer Haus<\/strong><\/p>\n<p>\u2026\u2026..<\/p>\n<p><strong>27.-30 January 2021, Warsaw.\u00a0Pilecki Institute<\/strong><\/p>\n<p>\u2026\u2026..<\/p>\n<p><strong>29. January 2020,\u00a0Wiesbaden, Germany, Kino Caligari.<\/strong>\u00a0Event of City Archive Wiesbaden. QA with director Tanja Cummings<\/p>\n<p>\u2026\u2026..<\/p>\n<p><strong>5. November 2019, <span style=\"text-decoration: underline;\">Rathaussaal Passau.<\/span><\/strong>\u00a011 am.\u00a0 Event by Runder Tisch gegen Rechts Passau e. V.\u00a0 QA with protagonist Natan Grossmann.<\/p>\n<p>\u2026\u2026..<\/p>\n<p><strong>19. October 2019,\u00a0Munich, Germany, Seidlvilla\u00a03 pm, Nikolaiplatz 1b, 80802 M\u00fcnchen, excerpts of \u201eLinie 41\u201c \u2013 Q&amp;A with protagonist Natan Grossmann<\/strong><\/p>\n<p>\u2026\u2026..<\/p>\n<p><strong>16. October 2019,\u00a0Ansbach, Germany, 19.30 Uhr, Schlosskino Ansbach.\u00a0<\/strong>\u00a0Event of Katholische Erwachsenenbildung) Ansbach-Neustadt\/Aisch e. V. in cooperation with Evangelisches Bildungswerk Ansbach and Initiativgruppe f\u00fcr Christlich-J\u00fcdische Zusammenarbeit Ansbach \u2013 1. Festival des J\u00fcdischen Films in Ansbach \u2013 \u201e(Un-)Wahrscheinliche Begegnungen\u201c.<\/p>\n<p>\u2026\u2026..<\/p>\n<p><strong>26. September 2019, 19 Uhr at Kino Berchtesgaden,\u00a0Germany, AlpenCongress,\u00a0Maximilianstra\u00dfe 9,\u00a083471 Berchtesgaden, Event of Dokumentation Obersalzberg (Institut f\u00fcr Zeitgeschichte M\u00fcnchen)<\/strong>\u00a0&gt; Q&amp;A with protagonists Jens-J\u00fcrgen Venztki and Natan Grossmann as well as director Tanja Cummings. Moderator: Carlos Haas.<\/p>\n<p>\u2026\u2026..<\/p>\n<p><strong>24. July 2019,\u00a0Gars am Inn<\/strong>&gt; 11am, Highschool Gars. Q&amp;A with protagonist Natan Grossmann<\/p>\n<p>\u2026\u2026..<\/p>\n<p><strong>2.August 2019,\u00a0Dachau, 5.30 pm\u00a0\u00a0<\/strong>&gt;\u00a0<a id=\"u_fetchstream_27_u\" class=\"_5xhk\" href=\"https:\/\/www.facebook.com\/mmsz.dachau\/?eid=ARB5-n5FJNZOomRJLPHWheQsfk7SBXDQ0FMV4siHqWb3jyvHWn0q4pryu9upvfezVSjWwe3Y-ivZdCDG\" data-hovercard=\"\/ajax\/hovercard\/page.php?id=189930861057017&amp;extragetparams=%7B%22eid%22%3A%22ARB5-n5FJNZOomRJLPHWheQsfk7SBXDQ0FMV4siHqWb3jyvHWn0q4pryu9upvfezVSjWwe3Y-ivZdCDG%22%7D\" data-hovercard-prefer-more-content-show=\"1\" aria-describedby=\"u_a8_1\" aria-owns=\"\">Max-Mannheimer-Studienzentrum,<\/a><\/p>\n<div class=\"_5xhp fsm fwn fcg\">Ro\u00dfwachtstra\u00dfe 15, 85221 Dachau,\u00a0eventy by International Youth Meeting Dachau\u00a0<a href=\"http:\/\/www.jugendbegegnung-dachau.de\/?fbclid=IwAR3ZxYVDOEIT-RImZBvUDMyS_IM7j1aRJSwWtOMcGXUNWf67aPdCcH412NE\" target=\"_blank\" rel=\"nofollow noopener\" data-lynx-mode=\"hover\" data-lynx-uri=\"https:\/\/l.facebook.com\/l.php?u=http%3A%2F%2Fwww.jugendbegegnung-dachau.de%2F%3Ffbclid%3DIwAR3ZxYVDOEIT-RImZBvUDMyS_IM7j1aRJSwWtOMcGXUNWf67aPdCcH412NE&amp;h=AT0XQczLRzERPsABFzAiZURT_phLKtzYBIh8zU_WiOWeVnBezT97Y8ZScRxOYA327fDK9mZSY2ylr7dV_6PE4qziGe4KEDuj2R_ZNggoK-lP0SgrR9Vn8gTPPcztektrc3btYxqLpzFPDQG4\">http:\/\/www.jugendbegegnung-dachau.de\/<\/a><br \/>SCREENING with English subtitltes, Q&amp;A with protagonist Natan Grossmann.<\/div>\n<div>\u2026\u2026..<\/div>\n<p><strong>28. May 2019, <span style=\"text-decoration: underline;\">Gie\u00dfen (Germany)<\/span><\/strong><span style=\"text-decoration: underline;\">\u00a0<\/span> &gt; event hosted by Justus-Liebig-University &#8211; Hist<span class=\"\">orical Institute Institut &gt; q&amp;A\u00a0with p<\/span>rotagonists and director<\/p>\n<p>&#8230;..<\/p>\n<p><strong>7. May 2019, <span style=\"text-decoration: underline;\">Poznan (Poland)<\/span><\/strong> &gt;\u00a0<strong><span style=\"text-decoration: underline;\">7.30 pm<\/span><\/strong>\u00a0&gt; Atelier WIMAR Stowarzyszenie \u0141az\u0119ga Pozna\u0144ska,\u00a0<span class=\"w8qArf\">\u00a0<\/span><span class=\"LrzXr\">\u015awi\u0119ty Marcin 75, 61-717 Pozna\u0144, Polen. <span class=\"\"> q&amp;A\u00a0with p<\/span>rotagonist Natan Grossmann and director.<\/span><\/p>\n<p>\u2026\u2026..<\/p>\n<p><b>11. March 2019, Ephrata Public <\/b><strong>Library &gt;\u00a0Ephrata, Pennsylvania, USA<\/strong><\/p>\n<p>\u2026\u2026..<\/p>\n<p style=\"text-align: left;\">7.<strong> February 2019,\u00a0<span style=\"text-decoration: underline;\">Dachau, Germany<\/span><\/strong>&gt; \u00a0q&amp;A\u00a0with\u00a0Natan Grossmann\u00a0<\/p>\n<p style=\"text-align: left;\">\u2026\u2026..<\/p>\n<p style=\"text-align: left;\"><strong>18. February 2019,\u00a0<span style=\"text-decoration: underline;\">Mering, Germany<\/span>\u00a0<\/strong>&gt; q&amp;A\u00a0with\u00a0Natan Grossmann\u00a0<\/p>\n<p>\u2026\u2026..<\/p>\n<p><strong>29. January 2019,\u00a0<span style=\"text-decoration: underline;\">Munich, Germany\u00a0<\/span><\/strong>&gt; q&amp;A with\u00a0Natan Grossmann<\/p>\n<p>\u2026\u2026..<\/p>\n<p><strong>Duisburg\u00a0(Germany). 9. December 2018,<\/strong> 12 pm.\u00a0VENUE<em>:\u00a0 <\/em>Kultur- und Stadthistorischen Museum Duisburg. Film screening in context with exhibition &#8220;Deportiert ins Ghetto \u2013 Die Deportationen aus dem Rheinland im Herbst 1941 ins Ghetto Litzmannstadt (Lodz)&#8221;.<\/p>\n<p>\u2026\u2026..<\/p>\n<p><strong>19. November 2018,<\/strong> <strong>Munich\u00a0(Germany).<\/strong> 6.30 pm.\u00a0VENUE<em>:\u00a0<\/em>Monopol Kino, Schlei\u00dfheimer Str. 127, 80797 M\u00fcnchen.\u00a0\u00a0Q&amp;A with main protagonists Natan Grossmann &amp; Jens-J\u00fcrgen Ventzki and director Tanja Cummings\u00a0\u00a0<a href=\"http:\/\/www.monopol-kino.de\/programm\">http:\/\/www.monopol-kino.de\/programm<\/a><\/p>\n<p>\u2026\u2026..<\/p>\n<p><strong>5. November 2018, Berlin (Germany)<\/strong>.\u00a07 pm, VENUE:\u00a0<a href=\"http:\/\/www.sintiundroma.de\/berliner-buero.html\">DokuZ Sinti und Roma<\/a>, Aufbau Haus at Moritzplatz,\u00a0Prinzenstr. 84, entry 2, third floor, 10969 Berlin (entry via Oranienstra\u00dfe)<strong><em>&lt;<\/em><\/strong> Q&amp;A with main protagonist Natan Grossmann and director Tanja Cummings<\/p>\n<p>\u2026\u2026..<\/p>\n<p><strong>4. November 2018, Potsdam (Germany)<\/strong>. 5 pm.\u00a0\u00a0VENUE <a href=\"http:\/\/www.thalia-potsdam.de\/\">Thalia Kino<\/a>.\u00a0Q&amp;A\u00a0with main protagonist Natan Grossmann and director Tanja Cummings<\/p>\n<p>\u2026\u2026..<\/p>\n<p><strong>\u00a018. October 20018\u00a0\u2013\u00a0Wittenburg\u00a0(Germany).\u00a0 <\/strong>VENUE<em>:\u00a0<\/em>Schulzentrum Wittenburg; Q&amp;A with main protagonists Natan Grossmann &amp; Jens-J\u00fcrgen Ventzki and director Tanja Cummings<\/p>\n<p>\u2026\u2026..<\/p>\n<p><strong>18. October 20018, Hamburg (Germany) .\u00a0<\/strong>6.00 pm.\u00a0VENUE<strong><em>:<a href=\"http:\/\/www.abaton.de\">\u00a0<\/a><\/em><\/strong><a href=\"http:\/\/www.abaton.de\">Kino Abaton.<\/a>\u00a0\u00a0Q&amp;A with main protagonists Natan Grossmann &amp; Jens-J\u00fcrgen Ventzki and director Tanja Cummings<\/p>\n<p>\u2026\u2026..<\/p>\n<p><strong><em>\u00a0<\/em>16. October 2018 \u2013 Parchim\u00a0(Germany).<\/strong> VENUE: Movie Star Parchim.\u00a0Gneisenaustrasse 2, 19370 Parchim. Q&amp;A with main protagonists Natan Grossmann &amp; Jens-J\u00fcrgen Ventzki and director Tanja Cummings<\/p>\n<p>\u2026\u2026..<\/p>\n<p><strong>17. October 2018\u00a0 \u2013 G\u00fcstrow\u00a0(Germany).\u00a0<\/strong> VENUE:\u00a0G\u00fcstrower Theater, Q&amp;A with main protagonists Natan Grossmann &amp; Jens-J\u00fcrgen Ventzki and director Tanja Cummings<\/p>\n<p>\u2026\u2026..<\/p>\n<p><span style=\"color: #000000;\"><strong>2. October 2018 \u2013 G\u00f6ttingen (Germany).<\/strong>\u00a07.30 pm, VENUE:\u00a0<a href=\"http:\/\/www.lumiere.de\">Kino Lumi\u00e8re <\/a>&#8211; Q&amp;A with director Tanja Cummings\u00a0\u00a0<\/span><\/p>\n<p style=\"text-align: left;\">\u2026\u2026..<\/p>\n<p style=\"text-align: left;\"><span style=\"color: #000000;\"><strong>2. August 2018\u00a0\u2013\u00a0Dachau (Germany)\u00a0<\/strong>&#8211; VENUE: Max-Mannheimer-Studienzentrum Dachau (<a style=\"color: #000000;\" href=\"http:\/\/www.mmsz-dachau.de\">www.mmsz-dachau.de<\/a>).\u00a0International Youth Meeting\u00a0Dachau (<a style=\"color: #000000;\" href=\"https:\/\/www.jugendbegegnung-dachau.de\/en\/welcome\">https:\/\/www.jugendbegegnung-dachau.de\/en\/welcome<\/a>) &#8211; screening with English subtitles. Q&amp;A with main protagonist Natan Grossman.<\/span><\/p>\n<p>\u2026\u2026..<\/p>\n<p style=\"text-align: left;\"><strong>11 July 2018 Vancouver (Canada), <span style=\"color: #ff6600;\">CANADIAN PREMIERE <\/span>&#8211; Vancity Theatre with <strong>Q&amp;A with director Tanja Cummings. <strong>Details <a href=\"https:\/\/www.viff.org\/Online\/default.asp?BOparam::WScontent::loadArticle::permalink=fc9795-line-41-filmmaker-discussion\">here<\/a>!<\/strong><\/strong><\/strong><\/p>\n<p>\u2026\u2026..<\/p>\n<div data-canvas-width=\"72.89344\">\n<p><strong>28. March 2018<\/strong>\u00a0\u2013 <strong>New York City (USA) <\/strong>\u2013 <strong>Museum of Jewish Heritage \u2013 A Living Memorial to the Holocaust &gt; <a href=\"http:\/\/mjhnyc.org\">mjhnyc.org<\/a><\/strong><br \/>Q&amp;A with Tanja\u00a0 Cummings\u00a0 (director) &#8212;&#8212;&#8212;&gt; <strong><a href=\"https:\/\/mjhnyc.org\/events\/line-41\/\">mjhnyc.org\/events\/line-41\/<\/a><\/strong><\/p>\n<p>Our film was screened in context of the exhibition <strong>&#8220;Memory Unearthed: The Lodz Ghetto Photographs of Henryk Ross&#8221; &gt; <a href=\"https:\/\/mjhnyc.org\/exhibitions\/memory-unearthed\/\">mjhnyc.org\/exhibitions\/memory-unearthed\/<\/a><\/strong><\/p>\n<\/div>\n<div data-canvas-width=\"72.89344\">\n<p>\u2026\u2026..<\/p>\n<p>\u00a0<\/p>\n<p style=\"text-align: left;\"><strong>25. March 2018\u00a0 <\/strong><strong>\u2013 Max-Mannheimer-Studienzentrum Dachau (<a href=\"http:\/\/www.mmsz-dachau.de\">www.mmsz-dachau.de<\/a>).<\/strong> <strong><a href=\"http:\/\/www.jugendbegegnung-dachau.de\/\">Internationale Jugendbegegnung Dachau<\/a> <\/strong>&#8211; screening with Polish subtitles. Q&amp;A with protagonist Natan Grossman.<strong><br \/><\/strong><\/p>\n<\/div>\n<div data-canvas-width=\"72.89344\"><strong>&#8230;&#8230;..<\/strong><\/div>\n<div data-canvas-width=\"72.89344\">\u00a0<\/div>\n<div data-canvas-width=\"72.89344\"><strong>22. March 2018\u00a0 \u2013 Salzburg (Austria)\u2013 Filmkulturzentrum DAS KINO \u2013<\/strong> <a href=\"http:\/\/www.daskino.at\"><strong>www.daskino.a<\/strong>t<\/a> in cooperation with University of Salzburg<br \/>Q&amp;A with protagonists Natan Grossman and Jens-J\u00fcrgen Ventzki as well as Tanja\u00a0 Cummings\u00a0 (director). Moderator Prof. Albert Lichtblau (University of Salzburg)<\/div>\n<div data-canvas-width=\"72.89344\">\u00a0<\/div>\n<div data-canvas-width=\"72.89344\"><strong>&#8230;&#8230;..<\/strong><\/div>\n<div data-canvas-width=\"72.89344\">\u00a0<\/div>\n<div data-canvas-width=\"72.89344\"><strong>8. March \u2013\u00a0 Vienna (Austria) \u2013\u00a0 Wiener Wiesenthal Institut f\u00fcr Holocaust-Studien (VWI)\u00a0 \u2013 <a href=\"http:\/\/www.vwi.ac.at\/index.php\/en\/veranstaltungen\/icalrepeat.detail\/2018\/03\/08\/218\/-\/linie-41-de-2015-regie-tanja-cummings-101-minuten\">http:\/\/www.vwi.ac.at\/line41<\/a><br \/><\/strong><\/div>\n<div data-canvas-width=\"72.89344\">Q&amp;A with Tanja\u00a0 Cummings\u00a0 (director) and Jens-J\u00fcrgen Ventzki (protagonist), moderator Philipp Rohrbach (VWI)<\/div>\n<p>&#8230;&#8230;..<\/p>\n<p><strong>31. January\u00a0 2018 \u2013 N\u00f6rdlingen\/Hainsfarth (Germany)\u00a0 \u2013 film screening and Q&amp;A with main protagonist Natan Grossmann <\/strong><\/p>\n<p>&#8230;&#8230;..<\/p>\n<div style=\"text-align: left;\" data-canvas-width=\"72.89344\"><strong>25. January\u00a0 2018 \u2013\u00a0 Munich, Germany &#8211; Jewish Museum &#8211; discussion with Natan Grossmann<\/strong><\/div>\n<div style=\"text-align: left;\" data-canvas-width=\"72.89344\"><a href=\"https:\/\/www.juedisches-museum-muenchen.de\/veranstaltungen\/veranstaltung-single\/natan-grossmann-ich-wurde-am-2-mai-1945-neue-geboren-zeitzeugengespraech-anlaesslich-des-tags-des-gedenkens-an-die-opfer-des-nationalsozialismus.html\">further details here<\/a><\/div>\n<div style=\"text-align: left;\" data-canvas-width=\"72.89344\">\u00a0<\/div>\n<div style=\"text-align: left;\" data-canvas-width=\"72.89344\">\u00a0&#8230;&#8230;..<\/div>\n<div style=\"text-align: left;\" data-canvas-width=\"72.89344\">\u00a0<strong>22. January 2018 <\/strong><strong>\u2013 <a href=\"https:\/\/bhecinfo.org\/\">Birmingham Holocaust Education Center<\/a> <\/strong>in Birmingham, Alabama, USA<strong><br \/><\/strong><\/div>\n<div style=\"text-align: left;\" data-canvas-width=\"72.89344\"><strong>\u00a0<\/strong><\/div>\n<div style=\"text-align: left;\" data-canvas-width=\"72.89344\">\u00a0&#8230;&#8230;..<\/div>\n<p><strong>10. December 2017<\/strong> \u2013 <strong><a href=\"http:\/\/www.kz-gedenkstaette-hailfingen-tailfingen.de\">KZ-Gedenkstaette Hailfingen-Tailfingen\u00a0 <\/a><\/strong>(concentration camp memorial)<\/p>\n<p>\u2026\u2026..<\/p>\n<p><strong>2. Dezember 2017\u00a0 \u2013 Warsaw (Poland)\u00a0 \u2013\u00a0 <\/strong>An event of <strong>Fundacja Centrum Taubego Odnowy \u017bycia \u017bydowskiego w Polsce<\/strong>\u00a0 \u2013<strong> <a href=\"http:\/\/www.centrumtaubego.org.pl\/pl\">www.centrumtaubego.org.pl\/pl <\/a><\/strong><\/p>\n<p>\u2026\u2026..<\/p>\n<p><strong>28. November \u2013 Warsaw\u00a0(Poland) \u2013 Dom Spotka\u0144 z Histori\u0105 \u2013 <a href=\"http:\/\/www.dsh.waw.pl\" target=\"_blank\" rel=\"noopener\">www.dsh.waw.pl<\/a><\/strong><\/p>\n<p>\u2026\u2026..<\/p>\n<div class=\"_6a _6b\">\n<div data-canvas-width=\"72.89344\"><strong>26. November \u2013 Krakow (Poland) \u2013 \u017bydowskim Muzeum Galicja \u2013\u00a0 <a href=\"http:\/\/www.galiciajewishmuseum.org\/\">www.galiciajewishmuseum.org<\/a><\/strong><\/div>\n<div data-canvas-width=\"72.89344\">\u00a0\u2026\u2026..<\/div>\n<div data-canvas-width=\"72.89344\">\u00a0<\/div>\n<\/div>\n<div data-canvas-width=\"72.89344\"><strong>15. November 2017 \u00a0 \u2013 Minden (Germany) \u2013\u00a0 <a href=\"https:\/\/www.weser-kolleg.de\/\">Weser Kolleg\u00a0<\/a><\/strong><\/div>\n<div data-canvas-width=\"72.89344\">\u2026\u2026..<\/div>\n<div data-canvas-width=\"72.89344\">\u00a0<\/div>\n<div data-canvas-width=\"72.89344\">\n<div style=\"text-align: left;\" data-canvas-width=\"72.89344\">\n<div data-canvas-width=\"72.89344\">\n<div data-canvas-width=\"72.89344\">\n<div data-canvas-width=\"72.89344\"><strong>27. September 2017<\/strong> \u2013<strong> Munich at <a href=\"http:\/\/www.monopol-kino.de\/\">Kino Monopol<\/a> On the occasion of the 90th birthday of main protagonist Natan Grossmann<\/strong>. Q&amp; A with protagonists and director\/producer.<\/div>\n<div data-canvas-width=\"72.89344\">\u00a0<\/div>\n<div data-canvas-width=\"72.89344\">\u00a0\u2026\u2026..<\/div>\n<div data-canvas-width=\"72.89344\">\u00a0<\/div>\n<\/div>\n<\/div>\n<\/div>\n<\/div>\n<div data-canvas-width=\"72.89344\">\n<div data-canvas-width=\"72.89344\"><strong>12. November 2017\u00a0 \u2013 Munich (Germany) at\u00a0 <\/strong><strong><a href=\"https:\/\/neues-maxim.de\/\">Kino Maxim<\/a><\/strong> <strong>\u2013<\/strong> Q&amp;A with main protagonist Natan Grossmann and Tanja Cummings (director).<\/div>\n<\/div>\n<div data-canvas-width=\"72.89344\">\u00a0 \u2026\u2026..<\/div>\n<div data-canvas-width=\"72.89344\">\u00a0<\/div>\n<div data-canvas-width=\"72.89344\">\u00a0<strong>13. November 2017\u00a0 \u2013 <a href=\"https:\/\/www.hannover.de\/Kultur-Freizeit\/Architektur-Geschichte\/Erinnerungskultur\/Gedenkst%c3%a4tte-Ahlem\">Gedenkst\u00e4tte Ahlem near Hannover<\/a> <\/strong>&amp; University Hannover (details tba) <strong> (Germany)<\/strong><\/div>\n<div data-canvas-width=\"72.89344\">\u00a0<\/div>\n<div data-canvas-width=\"72.89344\">\u00a0 \u2026\u2026..<\/div>\n<div data-canvas-width=\"72.89344\">\u00a0<\/div>\n<div data-canvas-width=\"72.89344\">\n<div data-canvas-width=\"72.89344\"><strong>14. November 2017\u00a0 \u2013 <a href=\"http:\/\/stadthagen-synagoge.de\/pages\/willkommen\/english.php\">F\u00f6rderverein ehemalige Synagoge Stadthagen e.V.<\/a> (Germany)<\/strong><\/div>\n<div data-canvas-width=\"72.89344\">\u00a0<\/div>\n<\/div>\n<div data-canvas-width=\"72.89344\">\n<div data-canvas-width=\"72.89344\">\u00a0\u2026\u2026..<\/div>\n<div data-canvas-width=\"72.89344\">\u00a0<\/div>\n<div data-canvas-width=\"72.89344\">\n<div data-canvas-width=\"72.89344\"><strong>14. November 2017\u00a0 \u2013 <a href=\"http:\/\/www.synagoge-petershagen.de\/Alte_Synagoge_Petershagen\/Willkommen.html\">Alte Synagoge Petershagen <\/a>(Germany)<\/strong><\/div>\n<div data-canvas-width=\"72.89344\">\u00a0<\/div>\n<\/div>\n<\/div>\n<div data-canvas-width=\"72.89344\">\u00a0\u2026\u2026..<\/div>\n<div data-canvas-width=\"72.89344\">\u00a0<\/div>\n<div data-canvas-width=\"72.89344\">\n<div style=\"text-align: left;\" data-canvas-width=\"72.89344\">\n<div data-canvas-width=\"72.89344\"><strong>7. October 2017\u00a0 \u2013St. Pantaleon (Austria), <\/strong>Memorial \u201eAnhaltelager Weyer\u201c (<a href=\"http:\/\/www.lager-weyer.at\" target=\"_blank\" rel=\"noopener\">www.lager-weyer.at<\/a>)<strong>\u00a0<\/strong> &#8211;\u00a0Q&amp;A with main protagonist Jens-J\u00fcrgen Ventzki<\/div>\n<div data-canvas-width=\"72.89344\">\u00a0<\/div>\n<div data-canvas-width=\"72.89344\">\u00a0\u2026\u2026..<\/div>\n<div data-canvas-width=\"72.89344\">\u00a0<\/div>\n<div data-canvas-width=\"72.89344\">\n<div data-canvas-width=\"72.89344\"><strong>10. to 13. October 2017<\/strong> \u2013 <strong>film tour in Mecklenburg-Western Pomerania\u00a0 (Germany)<\/strong> Ludwigslust, Boizenburg, Hagenow. Q&amp;A with main protagonists Natan Grossmann, Jens-J\u00fcrgen Ventzki and Tanja Cummings (director).<\/div>\n<\/div>\n<div data-canvas-width=\"72.89344\">\u00a0<\/div>\n<div data-canvas-width=\"72.89344\">\u00a0\u00a0\u2026\u2026..<\/div>\n<div data-canvas-width=\"72.89344\">\u00a0<\/div>\n<\/div>\n<div style=\"text-align: left;\" data-canvas-width=\"72.89344\"><strong>1. &amp; 2. August 2017<\/strong> \u2013<strong>\u00a0 Max Mannheimer Study Center Dachau (Germany)\u00a0(<a href=\"http:\/\/www.mmsz-dachau.de\/en\/pages\/about\/us\">www.mmsz-dachau.de\/en<\/a>) at <a href=\"http:\/\/www.jugendbegegnung-dachau.de\/?lang=en\">International Youth Meeting Dachau<\/a><\/strong><\/div>\n<div style=\"text-align: left;\" data-canvas-width=\"72.89344\"><strong>Screening,<\/strong> . With Q&amp;A with main protagonist Natan Grossmann and director Tanja Cummings.<\/div>\n<div data-canvas-width=\"72.89344\">\n<div style=\"text-align: left;\" data-canvas-width=\"72.89344\"><strong>Workshop,<\/strong> with main protagonist Natan Grossmann and director Tanja Cummings.<\/div>\n<\/div>\n<div data-canvas-width=\"72.89344\">\u00a0<\/div>\n<div data-canvas-width=\"72.89344\">\u00a0\u2026\u2026..<\/div>\n<div data-canvas-width=\"72.89344\">\u00a0<\/div>\n<\/div>\n<div data-canvas-width=\"72.89344\"><strong><span style=\"color: #ff6600;\">USA-Premiere.<\/span> Boston (USA)<\/strong>,<strong> Museum of Fine Arts Boston 14 to 18 June 2017. Co-presented with the <a href=\"http:\/\/www.bjff.org\/\">Boston Jewish Film Festival. <\/a>Details <a href=\"http:\/\/www.mfa.org\/programs\/series\/line-41\">here<\/a> <\/strong><\/div>\n<p><strong>\u2026\u2026..<\/strong><\/p>\n<p>\u00a0<\/p>\n<p><strong>Stuttgart (Germany)<\/strong>, <strong>7. May 2017 | Event by JNF-KKL (<b class=\"b4\">Jewish<\/b><b class=\"b3\"> National<\/b><b class=\"b2\"> Fund<\/b> Keren Kayemeth LeIsrael) | VENUE: Israelitische Religionsgemeinschaft W\u00fcrttembergs <\/strong>IRGW, Stuttgart. Q&amp;A with main protagonist Natan Grossmann and director Tanja Cummings<\/p>\n<p>\u00a0<\/p>\n<p><strong>\u2026\u2026..<\/strong><\/p>\n<p><strong>Parchim (Germany), 3. May 2017 | VENUE: Movie Star Parchim.<\/strong> Gneisenaustrasse 2, 19370 Parchim. Q&amp;A with main protagonist Natan Grossmann &amp; director Tanja Cummings<br \/><strong>\u2026\u2026..<\/strong><\/p>\n<div data-canvas-width=\"72.89344\"><strong>Ludwigslust (Germany), 4. May 2017. | VENUE: LUNA Filmtheater<\/strong><\/div>\n<div data-canvas-width=\"72.89344\">\u00a0<\/div>\n<div data-canvas-width=\"72.89344\"><strong>Q&amp;A: Ludwigslust, 4. May 2017 | VENUE: Lichthof des Rathauses\u00a0Ludwigslust\u00a0 (city hall). <\/strong>With main protagonist Natan Grossmann and director Tanja Cummings<\/div>\n<div data-canvas-width=\"72.89344\">\u00a0<\/div>\n<div data-canvas-width=\"72.89344\"><strong>\u2026\u2026..<\/strong><\/div>\n<p><strong>In memory of Ber Grossman, brother to our main protagonist Natan Grossmann.<\/strong><br \/><strong>This film screening tour to Poland (April 10 &#8211; 13\u00a0 and June 2017) is embedded in an<a href=\"http:\/\/www.linie41-film.net\/en\/follow-up\/\"> encounter and exchange project <\/a>with Polish students 2017. We are supported by following organisations.<br \/><\/strong><\/p>\n<p>\u00a0<\/p>\n<p style=\"text-align: left;\"><img loading=\"lazy\" decoding=\"async\" class=\"aligncenter  wp-image-328\" src=\"http:\/\/www.linie41-film.net\/wp-content\/uploads\/2015\/05\/logo_rb-stiftung-300x127.jpg\" alt=\"logo_rb-stiftung\" width=\"180\" height=\"76\" srcset=\"http:\/\/www.linie41-film.net\/wp-content\/uploads\/2015\/05\/logo_rb-stiftung-300x127.jpg 300w, http:\/\/www.linie41-film.net\/wp-content\/uploads\/2015\/05\/logo_rb-stiftung-1024x432.jpg 1024w, http:\/\/www.linie41-film.net\/wp-content\/uploads\/2015\/05\/logo_rb-stiftung.jpg 2000w\" sizes=\"auto, (max-width: 180px) 100vw, 180px\" \/><\/p>\n<p style=\"text-align: left;\"><img loading=\"lazy\" decoding=\"async\" class=\"aligncenter  wp-image-2559\" src=\"http:\/\/www.linie41-film.net\/wp-content\/uploads\/2017\/02\/ULFS-Logo-cmyk-klein-300x130.jpg\" alt=\"Druck\" width=\"200\" height=\"87\" srcset=\"http:\/\/www.linie41-film.net\/wp-content\/uploads\/2017\/02\/ULFS-Logo-cmyk-klein-300x130.jpg 300w, http:\/\/www.linie41-film.net\/wp-content\/uploads\/2017\/02\/ULFS-Logo-cmyk-klein.jpg 908w\" sizes=\"auto, (max-width: 200px) 100vw, 200px\" \/><\/p>\n<p style=\"text-align: left;\"><a href=\"http:\/\/www.stiftung-evz.de\/start.html\"><img loading=\"lazy\" decoding=\"async\" class=\"  wp-image-322 aligncenter\" src=\"http:\/\/www.linie41-film.net\/wp-content\/uploads\/2015\/04\/EVZ_OFF_CO_D_HD_S-300x63.jpg\" alt=\"EVZ_OFF_CO_D_HD_S\" width=\"152\" height=\"32\" srcset=\"http:\/\/www.linie41-film.net\/wp-content\/uploads\/2015\/04\/EVZ_OFF_CO_D_HD_S-300x63.jpg 300w, http:\/\/www.linie41-film.net\/wp-content\/uploads\/2015\/04\/EVZ_OFF_CO_D_HD_S-1024x216.jpg 1024w\" sizes=\"auto, (max-width: 152px) 100vw, 152px\" \/><\/a><\/p>\n<p style=\"text-align: left;\"><strong><a href=\"http:\/\/www.eva-verein.de\"><img loading=\"lazy\" decoding=\"async\" class=\"aligncenter  wp-image-329\" src=\"http:\/\/www.linie41-film.net\/wp-content\/uploads\/2015\/05\/EVA-logo_w_de.jpg\" alt=\"EVA-logo_w_de\" width=\"214\" height=\"56\" srcset=\"http:\/\/www.linie41-film.net\/wp-content\/uploads\/2015\/05\/EVA-logo_w_de.jpg 412w, http:\/\/www.linie41-film.net\/wp-content\/uploads\/2015\/05\/EVA-logo_w_de-300x79.jpg 300w\" sizes=\"auto, (max-width: 214px) 100vw, 214px\" \/><\/a><\/strong><\/p>\n<p style=\"text-align: left;\"><strong>\u2026\u2026..<\/strong><\/p>\n<p style=\"text-align: left;\"><strong>\u0141\u00f3d\u017a (Poland), 13. April 2017 at <a href=\"http:\/\/centrumdialogu.com\/\">Centrum Dialogu <\/a>| <\/strong>Q&amp;A with protagonists Natan Grossman, Jens-J\u00fcrgen Ventzki, Tadeusz Borowski and the director<strong><br \/><\/strong><\/p>\n<p style=\"text-align: left;\"><strong>\u2026\u2026..<\/strong><\/p>\n<p style=\"text-align: left;\"><strong>Izbica Kujawska (Poland), 11. April 2017 \u00a0 <span style=\"color: #ff0000;\"><span style=\"color: #000000;\">| <span class=\"_4n-j _fbReactionComponent__eventDetailsContentTags fsl\" data-testid=\"event-permalink-details\">Miejsko-Gminny Dom Kultury. <\/span><\/span><\/span><\/strong><span style=\"color: #ff0000;\"><span style=\"color: #000000;\"><span class=\"_4n-j _fbReactionComponent__eventDetailsContentTags fsl\" data-testid=\"event-permalink-details\"><span data-offset-key=\"c8jni-0-0\"><span data-text=\"true\"> Narutowicza, 87-865 Izbica Kujawska<\/span><\/span><\/span><\/span><\/span> <span style=\"color: #ff0000;\"><span style=\"color: #000000;\"><span class=\"_4n-j _fbReactionComponent__eventDetailsContentTags fsl\" data-testid=\"event-permalink-details\">Q&amp;A with protagonists Natan Grossman, Jens-J\u00fcrgen Ventzki, and the director<\/span><\/span><\/span><strong><span style=\"color: #ff0000;\"><span style=\"color: #000000;\"><span class=\"_4n-j _fbReactionComponent__eventDetailsContentTags fsl\" data-testid=\"event-permalink-details\"><strong><br \/><\/strong><\/span><\/span><\/span><\/strong><\/p>\n<p style=\"text-align: left;\"><strong>\u2026\u2026..<\/strong><\/p>\n<p style=\"text-align: left;\"><strong>Memorial Che\u0142mno\/Kulmhof (Poland), 12. April 2017 <strong> <span style=\"color: #ff0000;\"><span style=\"color: #000000;\">|<\/span><\/span><\/strong><span class=\"_4n-j _fbReactionComponent__eventDetailsContentTags fsl\" data-testid=\"event-permalink-details\"> Muzeum by\u0142ego niemieckiego Obozu Zag\u0142ady Kulmhof w Che\u0142mnie nad Nerem.<br \/>Oddzia\u0142 Muzeum Martyrologicznego w \u017babikowie. Las Rzuchowski. <\/span>(<a href=\"http:\/\/chelmno-muzeum.eu\/pl\/\">chelmno-muzeum.eu\/pl\/<\/a>) <\/strong><span style=\"color: #ff0000;\"><span style=\"color: #000000;\"><span class=\"_4n-j _fbReactionComponent__eventDetailsContentTags fsl\" data-testid=\"event-permalink-details\">Q&amp;A with protagonists Natan Grossman, Jens-J\u00fcrgen Ventzki, and the director<\/span><\/span><\/span><strong><strong><span style=\"color: #ff0000;\"><span style=\"color: #000000;\"><span class=\"_4n-j _fbReactionComponent__eventDetailsContentTags fsl\" data-testid=\"event-permalink-details\"><strong><br \/><\/strong><\/span><\/span><\/span><\/strong><\/strong><\/p>\n<p style=\"text-align: left;\"><strong>\u2026\u2026..<\/strong><\/p>\n<p style=\"text-align: left;\"><strong>\u0141\u00f3d\u017a, 10. April 2017<span style=\"color: #ff0000;\"><span style=\"color: #000000;\"> | <\/span><\/span><span style=\"color: #000000;\">University of <\/span><span style=\"color: #ff0000;\"><span style=\"color: #000000;\">\u0141\u00f3d\u017a. <\/span><\/span><\/strong><strong><a href=\"http:\/\/www.eksoc.uni.lodz.pl\/is\/\">Instytut Socjologii Uniwersytetu \u0141\u00f3dzkiego<\/a>, <\/strong>90-214 \u0141\u00f3d\u017a, ul. Rewolucji 1905r. nr 41. Screening for international students (with English subtitles). Q&amp;A with main protagonists.<\/p>\n<p style=\"text-align: left;\"><strong>\u2026\u2026..<\/strong><\/p>\n<p style=\"text-align: left;\"><strong>\u0141\u00f3d\u017a, 10. April 2017\u00a0<span style=\"color: #ff0000;\"><span style=\"color: #000000;\"> | <\/span><\/span>University of <span style=\"color: #ff0000;\"><span style=\"color: #000000;\">\u0141\u00f3d\u017a. <\/span><\/span><\/strong><strong>Instytut Filologii Germa\u0144skiej, <\/strong>90-236 \u0141\u00f3d\u017a, ul. Pomorska 171\/173<\/p>\n<p style=\"text-align: left;\"><strong>\u2026\u2026..<\/strong><\/p>\n<p style=\"text-align: left;\"><strong>Munich (Germany), 5. April 2017 | <\/strong>Event of Rechts der Isar\u00a0Hospital of the Technical University of Munich and Israelite Religious Community of Munich and M\u00fcnchen und Upper Bavaria. VENUE; <a href=\"http:\/\/www.mri.tum.de\"><strong>Klinikum rechts der Isar der TU M\u00fcnchen.<\/strong><\/a>\u00a0 Auditorium B, Rechts der Isar Hospital of the Technical University of Munich, Ismaninger Str. 22, 81675 Munich. <span style=\"color: #ff0000;\"><span style=\"color: #000000;\">Q &amp; A with director Tanja Cummings<\/span><\/span> and main protagonists Natan Grossmann and Jens-J\u00fcrgen Ventzki. Moderation Dr. Salek Kutschinski. Welcoming address: Dr. h. c. Charlotte Knobloch, President of the Israelite Religious Community of Munich and Upper Bavaria, and Prof. Dr. Peter Henningsen, dean of the faculty of medicine<strong><em><br \/><\/em><\/strong><\/p>\n<p style=\"text-align: left;\"><strong>\u2026\u2026..<br \/><\/strong><\/p>\n<p><strong>Minden (Germany), 6. March 2017 | <\/strong><strong><a href=\"http:\/\/www.sintiroma-minden.de\/\">Verein Deutscher Sinti e.V. Minden Bildungszentrum Mer Ketne &#8211; Wir zusammen! <\/a><\/strong>K\u00f6nigstr.3, 32423 Minden.\u00a0<span style=\"color: #ff0000;\"> <span style=\"color: #000000;\">In cooperation with <strong><a href=\"http:\/\/www.gcjz-minden.de\/\">Gesellschaft f\u00fcr Christlich-J\u00fcdische Zusammenarbeit Minden<\/a><\/strong> and <strong><a href=\"http:\/\/www.fraenger.net\/\">Fraenger-Gesellschaft<\/a>, <\/strong>Potsdam. Q &amp; A with director Tanja Cummings<\/span><\/span><\/p>\n<p style=\"text-align: left;\"><strong>\u2026\u2026..<\/strong><\/p>\n<p style=\"text-align: left;\"><strong>D\u00fcsseldorf (Germany) &gt; 20. February 2017<\/strong> <strong><a href=\"https:\/\/www.facebook.com\/juedische.welten\/\">Paul Spiegel Filmfestival<\/a> &gt; Ort: <a href=\"https:\/\/www.duesseldorf.de\/filmmuseum\/black-box.html\">BLACK BOX<\/a>, <\/strong>6 pm. Q &amp; A with director Tanja Cummings. See complete programme <a href=\"https:\/\/www.duesseldorf.de\/fileadmin\/Amt41-214\/filmmuseum\/Downloads\/Paul_Spiegel_Filmfestival_2017.pdf\">here<\/a> (<em>in German<\/em>)<\/p>\n<p style=\"text-align: left;\"><a href=\"https:\/\/www.facebook.com\/juedische.welten\/\"><img loading=\"lazy\" decoding=\"async\" class=\"aligncenter  wp-image-2229\" src=\"http:\/\/www.linie41-film.net\/wp-content\/uploads\/2015\/05\/PAUL-SPIEGEL-LOGO-213x300.jpg\" alt=\"PAUL SPIEGEL-LOGO\" width=\"86\" height=\"121\" srcset=\"http:\/\/www.linie41-film.net\/wp-content\/uploads\/2015\/05\/PAUL-SPIEGEL-LOGO-213x300.jpg 213w, http:\/\/www.linie41-film.net\/wp-content\/uploads\/2015\/05\/PAUL-SPIEGEL-LOGO.jpg 681w\" sizes=\"auto, (max-width: 86px) 100vw, 86px\" \/><\/a><\/p>\n<p style=\"text-align: left;\"><strong>\u2026\u2026..<\/strong><\/p>\n<p style=\"text-align: left;\"><strong>Schwerin (Germany), 26. January\u00a0 2017. <\/strong>Central memorial event <b class=\"b2\"> Day <\/b><b class=\"b3\">of <\/b><b class=\"b4\">Holocaust <\/b><b class=\"b5\">Remembrance<\/b> of <strong>St<b class=\"b1\">at<\/b><b class=\"b2\">e Parliamen<\/b><b class=\"b3\">t o<\/b><b class=\"b4\">f Mecklenburg-W<\/b><b class=\"b3\">este<\/b><b class=\"b4\">rn <\/b><b class=\"b5\">Pomerania<\/b>. <\/strong>Q&amp; A with President of the state parliament of\u00a0Mecklenburg-Western Pomerania, Ms. Sylvia Bretschneider, Natan Grossmann (main protagonist) and director Tanja Cummings. Moderation: Ramona Ramsenthaler, head of <a href=\"http:\/\/www.gedenkstaetten-woebbelin.de\/cms\/\">Mahn- und Gedenkst\u00e4tten W\u00f6bbelin<\/a><\/p>\n<p style=\"text-align: left;\"><strong>Report<\/strong> about the event with the parliament of\u00a0Mecklenburg-Western Pomerania &#8212;-&gt; <strong>Youtube-channel of the parliament <\/strong><em>(in German)<\/em> \u2014-&gt; <a href=\"https:\/\/www.youtube.com\/watch?v=1iiqihPbWHY\" target=\"_blank\" rel=\"nofollow noopener\">https:\/\/www.youtube.com\/watch?v=1iiqihPbWHY<\/a><\/p>\n<p style=\"text-align: left;\"><strong>\u2026\u2026..<\/strong><\/p>\n<p style=\"text-align: left;\"><strong>Ludwigslust (Germany), 27. January\u00a0 2017.\u00a0<\/strong><strong> Q<\/strong>&amp;A with Natan Grossmann and Tanja Cummings. Moderation: Ms. Ramona Ramsenthaler, head of <a href=\"http:\/\/www.gedenkstaetten-woebbelin.de\/cms\/\">Mahn- und Gedenkst\u00e4tten W\u00f6bbelin<\/a><\/p>\n<p style=\"text-align: left;\"><strong>\u2026\u2026..<\/strong><\/p>\n<p style=\"text-align: left;\"><strong>Hagenow (Germany), 27. Januar y 2017<\/strong>. <a href=\"http:\/\/www.hagenow.de\/tourismus\/sehenswuerdigkeiten.html\">Hanna-Meinungen-Haus\/Alte Synagoge Hagenow<\/a>. Q&amp;A <span style=\"color: #ff0000;\"><span style=\"color: #000000;\">with <\/span><span style=\"color: #000000;\">Natan Grossmann and Tanja Cummings, <\/span><span style=\"color: #000000;\">Moderation: Ms. Ramona Ramsenthaler, head of <strong><a href=\"http:\/\/www.gedenkstaetten-woebbelin.de\/cms\/\">Mahn- und Gedenkst\u00e4tten W\u00f6bbelin<\/a><\/strong><\/span><br \/><\/span><\/p>\n<p style=\"text-align: left;\"><strong>\u2026\u2026..<\/strong><\/p>\n<p style=\"text-align: left;\"><strong>Potsdam (Germany), 28. January 2017. |\u00a0<a href=\"http:\/\/www.fraenger.net\/\">Haus der Fraenger-Gesellschaft<\/a>,<\/strong> Potsdam-Babelsberg <span style=\"color: #ff0000;\"><span style=\"color: #000000;\">Q&amp;A with <\/span><span style=\"color: #000000;\">Natan Grossmann and Tanja Cummings<\/span><\/span><\/p>\n<p style=\"text-align: left;\"><strong>\u2026\u2026..<\/strong><\/p>\n<p><strong>10<\/strong><strong>. November 2016 | T\u00fcbingen (Germany)<\/strong><\/p>\n<p><strong>\u2026\u2026..<\/strong><\/p>\n<p><strong>9. November 2016 | Berlin \u2013 <a href=\"https:\/\/www.berlin.de\/politische-bildung\/\">Landeszentrale f\u00fcr politische Bildung Berlin <\/a><\/strong>| Q&amp;A with main protagonists Natan Grossman and Jens-J\u00fcrgen Ventzki and director<\/p>\n<p><strong>\u2026\u2026..<\/strong><\/p>\n<p><strong>8.\u00a0 November 2016 | Frankfurt an der Oder (Germany)\u00a0 \u2013 <a href=\"https:\/\/www.europa-uni.de\/en\/index.html\">University Viadrina <\/a>| <\/strong>Q&amp;A with main protagonists Natan Grossman and Jens-J\u00fcrgen Ventzki and director<strong><strong><strong><br \/><\/strong><\/strong><\/strong><\/p>\n<p><strong>\u2026\u2026..<\/strong><\/p>\n<p><strong>28. October 2016 | Lodz (Poland) at <a href=\"http:\/\/centrumdialogu.com\/\">Centrum Dialogu <\/a><\/strong><strong><strong><strong>| <\/strong><\/strong><\/strong>Q&amp;A with main protagonists Natan Grossman and Jens-J\u00fcrgen Ventzki and director<\/p>\n<p><strong>\u2026\u2026..<\/strong><\/p>\n<p><strong>27. October 2016 | Warsaw (Poland), 6 pm at <a href=\"http:\/\/www.jhi.pl\/en\">Emanuel Ringelblum Jewish Historical Institute\u00a0<\/a><\/strong> \/ <strong> \u017bydowski Instytut Historyczny\u00a0<\/strong>| Q&amp;A with main protagonists Natan Grossman and Jens-J\u00fcrgen Ventzki and director<\/p>\n<p><strong>\u2026\u2026..<\/strong><\/p>\n<p><strong>27. October 2016 |\u00a0 <a href=\"http:\/\/www.gedenk-dus.de\/\">Mahn und Gedenkst\u00e4tte D\u00fcsseldorf<\/a> (Germany)<\/strong><\/p>\n<p><strong>\u2026\u2026..<\/strong><\/p>\n<p><strong>25. October 2016, Hamburg (Germany)<\/strong> | <strong><a href=\"http:\/\/www.kz-gedenkstaette-neuengamme.de\/en\/\">Neuengamme Concentration Camp Memorial<\/a><\/strong>, event held at Kino Abaton |\u00a0 Q&amp;A with main protagonists Natan Grossman and Jens-J\u00fcrgen Ventzki and the director<strong><br \/><\/strong><\/p>\n<p><strong>\u2026\u2026..<\/strong><\/p>\n<p><strong>24. October 2016 | Emden (Germany) <\/strong> | starting 6 pm at VHS Emden, An der Berufschule 3, 26721 Emden, Germany. Q&amp;A with main protagonists Natan Grossman and Jens-J\u00fcrgen Ventzki and the director<\/p>\n<p><strong>\u2026\u2026..<\/strong><\/p>\n<p><strong>26. September 2016 | Vienna, Austria (<a href=\"http:\/\/www.viennapan.org\/\">Polish Academy of Sciences<\/a>)<\/strong> | Q&amp;A with main protagonist Jens-J\u00fcrgen Ventzki and director<\/p>\n<p><strong>\u2026\u2026..<\/strong><\/p>\n<p><strong>16. June\u00a0 2016 | Berlin (Germany) <\/strong>Freie Universitaet (Free University)\u00a0<b class=\"b4\"> <\/b>Institute for Jewish Studies<\/p>\n<p><strong>\u2026\u2026..<\/strong><\/p>\n<p><strong>15. June 2016: Jewish Film Festival Berlin &amp; Brandenburg, Filmmuseum Potsdam (<a href=\"http:\/\/www.jfbb.de\">www.jfbb.de<\/a>),\u00a0<\/strong>main protagonists Natan Grossmann and Jens-Juergen Venzki, camera man Marek Iwicki and director\/producer Tanja Cummings present for Q &amp; A<\/p>\n<p><strong>\u2026\u2026..<\/strong><\/p>\n<p><strong>13. May. 2016, <strong>Nei\u00dfe Filmfestival,<\/strong>\u00a0 Kino Apollo in G\u00f6rlitz (Germany) <a href=\"http:\/\/www.neissefilmfestival.de\/\">www.neissefilmfestival.de<\/a><br \/><\/strong><\/p>\n<p><strong>\u2026\u2026..<\/strong><\/p>\n<p><strong>2. + 6 May 2016 | AUSTRALIAN premiere<\/strong>, <strong>JIFF (Jewish International Film Festival), Sidney\/Melbourne <\/strong>(please see<strong> <a href=\"http:\/\/jiff.com.au\/films\/line-41\/\">www.jiff.com.au\/films\/line-41\/ <\/a><\/strong>for details)<strong><strong><br \/><\/strong><\/strong><\/p>\n<p><strong>\u2026\u2026..<\/strong><\/p>\n<p><strong>3. May 2016, Braunschweig (Germany),<\/strong> Roter Saal, Braunschweiger Schloss<strong><br \/><\/strong><\/p>\n<p><strong>\u2026\u2026..<\/strong><\/p>\n<p><strong>20.1.2016:<\/strong> <strong>MUNICH-PREMIERE<\/strong> as contribution to the <strong>J\u00fcdische Filmtage M\u00fcnchen (Jewish Filmdays Munich)<\/strong>, a presentation of Kulturzentrum der Israelitischen Kultusgemeinde<strong> <a href=\"http:\/\/www.ikg-muenchen.de\/\">(Jewish Cultural Center<\/a>)<\/strong> in cooperation with the NS-Dokumentationszentrum M\u00fcnchen (Munich Documentation Centre for the History of National Socialism). Screening at<strong> <a href=\"http:\/\/www.ns-dokuzentrum-muenchen.de\/home\/\">NS-Dokumentationszentrum M\u00fcnchen<\/a><\/strong><\/p>\n<p><strong>\u2026\u2026..<\/strong><\/p>\n<p><strong>15. January 2016 at Bundesplatz Kino (Berlin) <\/strong><\/p>\n<p><strong>\u2026\u2026..<\/strong><\/p>\n<p><strong>14. January 2016: Zentrum f\u00fcr Zeithistorische Forschung (ZZF) (Potsdam) <\/strong><a href=\"http:\/\/www.zzf-pdm.de\"><strong>www.zzf-pdm.de<\/strong><\/a><strong><br \/><\/strong><\/p>\n<p><strong>\u2026\u2026..<\/strong><\/p>\n<p><strong>13. January 2016: Europ\u00e4ische Janusz Korczak Akademie (Berlin)<\/strong> <strong><a href=\"http:\/\/www.ejka.org\/\">www.ejka.org<\/a><\/strong><strong><br \/><\/strong><\/p>\n<p><strong>\u2026\u2026..<\/strong><\/p>\n<p><strong>12. January 2016 \u00a0<strong>BERLIN PREMIERE <\/strong>at\u00a0 &#8220;Topographie des Terrors&#8221;\u00a0 <a href=\"http:\/\/www.topographie.de\">www.topographie.de<\/a><\/strong><\/p>\n<p><strong>\u2026\u2026..<\/strong><\/p>\n<p><strong>\u00a013. November 2015 GERMAN PREMIERE\u00a0at Kasseler Dokfest: <a href=\"http:\/\/www.kasselerdokfest.de\">www.kasselerdokfest.de<\/a><\/strong><\/p>\n<p><strong>\u2026\u2026..<\/strong><\/p>\n<p><strong>26. September 2015 WORLD PREMIERE, <\/strong><strong>Competitive Section of Bucharest Jewish Film Festival 2015 &#8211; 25.9. &#8211; 1.10. 2015:\u00a0 <a href=\"http:\/\/www.bjff.ro\/\">www.bjff.ro<\/a>\u00a0<\/strong><\/p>\n<p>\u00a0<\/p>\n<p>___________<\/p>\n\n\n<p><\/p>\n","protected":false},"excerpt":{"rendered":"<p>&#8220;Linie 41\u201c has so far had screenings in Germany, Poland, Austria, Romania, the USA, in Canada and Australia, and at following film Festivals: Bucharest Jewish Film Festival 2015 (word premiere &#8211; in competition) Kasseler Dokfest, Germany 2015 Jewish Film Days Munich, 2016 JIFF Jewish International Film Festival Sidney &amp; Melbourne, Australia, 2016 Nei\u00dfe Filmfestival. Winner <\/p>\n","protected":false},"author":1,"featured_media":777,"parent":0,"menu_order":0,"comment_status":"closed","ping_status":"closed","template":"","meta":{"footnotes":""},"class_list":["post-761","page","type-page","status-publish","has-post-thumbnail","hentry"],"_links":{"self":[{"href":"http:\/\/www.linie41-film.net\/en\/wp-json\/wp\/v2\/pages\/761","targetHints":{"allow":["GET"]}}],"collection":[{"href":"http:\/\/www.linie41-film.net\/en\/wp-json\/wp\/v2\/pages"}],"about":[{"href":"http:\/\/www.linie41-film.net\/en\/wp-json\/wp\/v2\/types\/page"}],"author":[{"embeddable":true,"href":"http:\/\/www.linie41-film.net\/en\/wp-json\/wp\/v2\/users\/1"}],"replies":[{"embeddable":true,"href":"http:\/\/www.linie41-film.net\/en\/wp-json\/wp\/v2\/comments?post=761"}],"version-history":[{"count":244,"href":"http:\/\/www.linie41-film.net\/en\/wp-json\/wp\/v2\/pages\/761\/revisions"}],"predecessor-version":[{"id":5806,"href":"http:\/\/www.linie41-film.net\/en\/wp-json\/wp\/v2\/pages\/761\/revisions\/5806"}],"wp:featuredmedia":[{"embeddable":true,"href":"http:\/\/www.linie41-film.net\/en\/wp-json\/wp\/v2\/media\/777"}],"wp:attachment":[{"href":"http:\/\/www.linie41-film.net\/en\/wp-json\/wp\/v2\/media?parent=761"}],"curies":[{"name":"wp","href":"https:\/\/api.w.org\/{rel}","templated":true}]}}